{"id":14646,"date":"2025-09-03T12:44:37","date_gmt":"2025-09-03T10:44:37","guid":{"rendered":"https:\/\/vezere.org\/?page_id=14646"},"modified":"2025-09-03T12:44:37","modified_gmt":"2025-09-03T10:44:37","slug":"lerable-de-chacoly-entre-lacassagne-et-coly","status":"publish","type":"page","link":"https:\/\/vezere.org\/index.php\/exposition-arbres-lumieres-rivieres-musiques-de-jerome-hutin\/exposition-arbres-lumieres-rivieres-musiques-2025-dans-la-ville-ancienne-et-parc-laplanche-a-terrasson-lavilledieu-vallee-de-la-vezere\/lerable-de-chacoly-entre-lacassagne-et-coly\/","title":{"rendered":"L&rsquo;Erable de Chacoly, entre Lacassagne et Coly"},"content":{"rendered":"<ul>\n<li><strong>L&rsquo;Erable de Chacoly, entre Lacassagne et Coly.<\/strong> C&rsquo;est un arbre dans la prairie, lieu de rencontres du gibier, et des chasseurs&#8230; Je l&rsquo;ai photographi\u00e9 sous diff\u00e9rentes saisons et sous les \u00e9toiles. Ce 09 ao\u00fbt 2025, j&rsquo;ai aussi enregistr\u00e9 sa musique. Prenez votre temps et \u00e9coutez-le.<\/li>\n<\/ul>\n<p><img loading=\"lazy\" decoding=\"async\" class=\"aligncenter size-full wp-image-14508\" src=\"http:\/\/vezere.org\/wp-content\/uploads\/2025\/07\/erable_celeste_chacoly_FOND_BLANC_Sans_texte.jpg\" alt=\"\" width=\"986\" height=\"768\" srcset=\"https:\/\/vezere.org\/wp-content\/uploads\/2025\/07\/erable_celeste_chacoly_FOND_BLANC_Sans_texte.jpg 986w, https:\/\/vezere.org\/wp-content\/uploads\/2025\/07\/erable_celeste_chacoly_FOND_BLANC_Sans_texte-300x234.jpg 300w, https:\/\/vezere.org\/wp-content\/uploads\/2025\/07\/erable_celeste_chacoly_FOND_BLANC_Sans_texte-768x598.jpg 768w\" sizes=\"auto, (max-width: 986px) 100vw, 986px\" \/><\/p>\n<!--[if lt IE 9]><script>document.createElement('audio');<\/script><![endif]-->\n\t<div class=\"wp-playlist wp-audio-playlist wp-playlist-light\">\n\t\t\t<div class=\"wp-playlist-current-item\"><\/div>\n\t\t<audio controls=\"controls\" preload=\"none\" width=\"938\"\n\t\t\t><\/audio>\n\t<div class=\"wp-playlist-next\"><\/div>\n\t<div class=\"wp-playlist-prev\"><\/div>\n\t<noscript>\n\t<ol>\n\t\t<li><a href='https:\/\/vezere.org\/wp-content\/uploads\/2025\/07\/Erable-de-montpellier-Chacoly-Vezere-09aout2025-ZOOM0015_01.mp3'>Erable de montpellier-Chacoly-Vezere-09aout2025-ZOOM0015_01<\/a><\/li>\t<\/ol>\n\t<\/noscript>\n\t<script type=\"application\/json\" class=\"wp-playlist-script\">{\"type\":\"audio\",\"tracklist\":true,\"tracknumbers\":true,\"images\":true,\"artists\":true,\"tracks\":[{\"src\":\"https:\\\/\\\/vezere.org\\\/wp-content\\\/uploads\\\/2025\\\/07\\\/Erable-de-montpellier-Chacoly-Vezere-09aout2025-ZOOM0015_01.mp3\",\"type\":\"audio\\\/mpeg\",\"title\":\"Erable de montpellier-Chacoly-Vezere-09aout2025-ZOOM0015_01\",\"caption\":\"\",\"description\":\"<i>Erable de montpellier-Chacoly-Vezere-09aout2025-ZOOM0015_01<\\\/i>. Genre\\u00a0: Blues.\",\"meta\":[],\"image\":{\"src\":\"https:\\\/\\\/vezere.org\\\/wp-includes\\\/images\\\/media\\\/audio.svg\",\"width\":48,\"height\":64},\"thumb\":{\"src\":\"https:\\\/\\\/vezere.org\\\/wp-includes\\\/images\\\/media\\\/audio.svg\",\"width\":48,\"height\":64}}]}<\/script>\n<\/div>\n\t\n<p style=\"text-align: center;\"><span style=\"color: #ff0000;\"><a style=\"color: #ff0000;\" href=\"http:\/\/vezere.org\">Retour \u00e0 l&rsquo;accueil<\/a><\/span><\/p>\n","protected":false},"excerpt":{"rendered":"<p>L&rsquo;Erable de Chacoly, entre Lacassagne et Coly. C&rsquo;est un arbre dans la prairie, lieu de rencontres du gibier, et des chasseurs&#8230; Je l&rsquo;ai photographi\u00e9 sous diff\u00e9rentes saisons et sous les \u00e9toiles. Ce 09 ao\u00fbt 2025, j&rsquo;ai aussi enregistr\u00e9 sa musique. Prenez votre temps et \u00e9coutez-le. Retour \u00e0 l&rsquo;accueil<\/p>\n","protected":false},"author":1,"featured_media":0,"parent":14516,"menu_order":0,"comment_status":"closed","ping_status":"closed","template":"","meta":{"footnotes":""},"class_list":["post-14646","page","type-page","status-publish","hentry"],"_links":{"self":[{"href":"https:\/\/vezere.org\/index.php\/wp-json\/wp\/v2\/pages\/14646","targetHints":{"allow":["GET"]}}],"collection":[{"href":"https:\/\/vezere.org\/index.php\/wp-json\/wp\/v2\/pages"}],"about":[{"href":"https:\/\/vezere.org\/index.php\/wp-json\/wp\/v2\/types\/page"}],"author":[{"embeddable":true,"href":"https:\/\/vezere.org\/index.php\/wp-json\/wp\/v2\/users\/1"}],"replies":[{"embeddable":true,"href":"https:\/\/vezere.org\/index.php\/wp-json\/wp\/v2\/comments?post=14646"}],"version-history":[{"count":1,"href":"https:\/\/vezere.org\/index.php\/wp-json\/wp\/v2\/pages\/14646\/revisions"}],"predecessor-version":[{"id":14647,"href":"https:\/\/vezere.org\/index.php\/wp-json\/wp\/v2\/pages\/14646\/revisions\/14647"}],"up":[{"embeddable":true,"href":"https:\/\/vezere.org\/index.php\/wp-json\/wp\/v2\/pages\/14516"}],"wp:attachment":[{"href":"https:\/\/vezere.org\/index.php\/wp-json\/wp\/v2\/media?parent=14646"}],"curies":[{"name":"wp","href":"https:\/\/api.w.org\/{rel}","templated":true}]}}