{"id":14406,"date":"2025-03-01T14:10:04","date_gmt":"2025-03-01T13:10:04","guid":{"rendered":"http:\/\/vezere.org\/?page_id=14406"},"modified":"2025-05-19T19:38:20","modified_gmt":"2025-05-19T17:38:20","slug":"tabliers-personnalises-collector-histoire-de-racines-des-vosges-au-perigord","status":"publish","type":"page","link":"https:\/\/vezere.org\/index.php\/boutique\/tabliers-personnalises-collector-histoire-de-racines-des-vosges-au-perigord\/","title":{"rendered":"Tabliers personnalis\u00e9s collector \u00ab\u00a0Histoire de racines, des Vosges au P\u00e9rigord\u00a0\u00bb"},"content":{"rendered":"<h1 style=\"text-align: center;\"><strong><a href=\"http:\/\/vezere.org\/wp-content\/uploads\/2025\/03\/affiche-1-A4.jpg\"><img loading=\"lazy\" decoding=\"async\" class=\"aligncenter size-large wp-image-14407\" src=\"http:\/\/vezere.org\/wp-content\/uploads\/2025\/03\/affiche-1-A4-724x1024.jpg\" alt=\"\" width=\"724\" height=\"1024\" srcset=\"https:\/\/vezere.org\/wp-content\/uploads\/2025\/03\/affiche-1-A4-724x1024.jpg 724w, https:\/\/vezere.org\/wp-content\/uploads\/2025\/03\/affiche-1-A4-212x300.jpg 212w, https:\/\/vezere.org\/wp-content\/uploads\/2025\/03\/affiche-1-A4-768x1086.jpg 768w, https:\/\/vezere.org\/wp-content\/uploads\/2025\/03\/affiche-1-A4-1140x1613.jpg 1140w\" sizes=\"auto, (max-width: 724px) 100vw, 724px\" \/><\/a><\/strong><\/h1>\n<h1 style=\"text-align: center;\"><strong>\u00ab Histoire de racines,<\/strong><br \/>\n<strong>des Vosges au P\u00e9rigord\u00bb<\/strong><\/h1>\n<h3 style=\"text-align: center;\"><strong>Une cr\u00e9ation unique de J\u00e9r\u00f4me Hutin<\/strong><br \/>\n<strong>Des tabliers con\u00e7us en P\u00e9rigord<\/strong><br \/>\n<strong>imprim\u00e9s dans les Vosges<\/strong><\/h3>\n<h4 style=\"text-align: center;\"><span style=\"color: #ff0000;\"><strong>\u201cDe la nature \u00e0 l\u2019assiette, l\u2019histoire se tisse \u00e0 table.\u201d<\/strong><\/span><\/h4>\n<p style=\"text-align: center;\"><em><span style=\"color: #ff0000;\">Ce ne sont pas que des tabliers. Ce sont des \u0153uvres d\u2019art \u00e0 porter.<\/span><\/em><\/p>\n<p style=\"text-align: center;\">Ce n\u2019est pas juste pour cuisiner,<br \/>\nc\u2019est pour faire entrer la nature dans votre maison.<br \/>\nC\u2019est un bout de for\u00eat, de racines, d\u2019arbre centenaire,<br \/>\nimprim\u00e9s sur du coton vosgien, cousu avec amour.<\/p>\n<p style=\"text-align: center;\">Ces tabliers sont <strong>le fruit de 40 ans de voyages \u00e0 photographier <\/strong><br \/>\n<strong>les arbres les plus majestueux de la plan\u00e8te et Dame nature.<\/strong><\/p>\n<p style=\"text-align: center;\"><strong>C\u2019est aussi mes racines, entre les Vosges <\/strong><br \/>\n<strong>o\u00f9 je suis n\u00e9, et le P\u00e9rigord o\u00f9 je vis.<\/strong><\/p>\n<p style=\"text-align: center;\"><span style=\"color: #0000ff;\"><strong>Ces tabliers voient le jour et leurs lumi\u00e8res <\/strong><\/span><br \/>\n<span style=\"color: #0000ff;\"><strong>gr\u00e2ce au soutien de Sylvain Broux, PDG de Delmon Group. <\/strong><\/span><\/p>\n<p style=\"text-align: center;\"><span style=\"color: #0000ff;\"><strong>Les impressions seront r\u00e9alis\u00e9es par Up&rsquo;Textile \u00e0 G\u00e9rardmer, dans les Vosges.<\/strong><\/span><\/p>\n<p style=\"text-align: center;\"><strong><em><span style=\"color: #ff0000;\">Ce n\u2019est pas qu\u2019un tablier,\u00a0c\u2019est une histoire que vous porterez sur vous.<\/span><\/em><\/strong><br \/>\n(R\u00e9dig\u00e9 par mon nouvel ami(e) ChatGPT que je nomme \u00abUniversel\u00bb !<\/p>\n<h2 style=\"text-align: center;\"><strong><span style=\"color: #ff0000;\">EN PRECOMMANDE <\/span><\/strong><\/h2>\n<h2 style=\"text-align: center;\"><strong><span style=\"color: #ff0000;\">sur\u00a0<\/span><\/strong><\/h2>\n<h2 style=\"text-align: center;\"><strong><span style=\"color: #ff0000;\"><a href=\"http:\/\/arborethic.com\/arbor\" target=\"_blank\" rel=\"noopener\">http:\/\/arborethic.com\/arbor<\/a><\/span><\/strong><\/h2>\n<p>&nbsp;<\/p>\n<h3><strong>Vous pouvez me les commander au March\u00e9 de Terrasson le jeudi matin, o\u00f9 dans des spectacles, festivals, concerts et au 4 rue de la libert\u00e9 \u00e0 Terrasson.<\/strong><\/h3>\n<p>Voici les mod\u00e8les que vous pourrez acqu\u00e9rir&#8230;<\/p>\n<div id='gallery-1' class='gallery galleryid-14406 gallery-columns-2 gallery-size-full'><figure class='gallery-item'>\n\t\t\t<div class='gallery-icon landscape'>\n\t\t\t\t<a href='https:\/\/vezere.org\/wp-content\/uploads\/2025\/05\/patron-tablier-1-avec-poches-chene-or-Terrasson.jpg'><img loading=\"lazy\" decoding=\"async\" width=\"714\" height=\"714\" src=\"https:\/\/vezere.org\/wp-content\/uploads\/2025\/05\/patron-tablier-1-avec-poches-chene-or-Terrasson.jpg\" class=\"attachment-full size-full\" alt=\"\" srcset=\"https:\/\/vezere.org\/wp-content\/uploads\/2025\/05\/patron-tablier-1-avec-poches-chene-or-Terrasson.jpg 714w, https:\/\/vezere.org\/wp-content\/uploads\/2025\/05\/patron-tablier-1-avec-poches-chene-or-Terrasson-150x150.jpg 150w, https:\/\/vezere.org\/wp-content\/uploads\/2025\/05\/patron-tablier-1-avec-poches-chene-or-Terrasson-300x300.jpg 300w, https:\/\/vezere.org\/wp-content\/uploads\/2025\/05\/patron-tablier-1-avec-poches-chene-or-Terrasson-75x75.jpg 75w\" sizes=\"auto, (max-width: 714px) 100vw, 714px\" \/><\/a>\n\t\t\t<\/div><\/figure><figure class='gallery-item'>\n\t\t\t<div class='gallery-icon landscape'>\n\t\t\t\t<a href='https:\/\/vezere.org\/wp-content\/uploads\/2025\/05\/patron-tablier-1-avec-poches-Coeur-de-V\u00e9z\u00e8re-Treignac.jpg'><img loading=\"lazy\" decoding=\"async\" width=\"714\" height=\"714\" src=\"https:\/\/vezere.org\/wp-content\/uploads\/2025\/05\/patron-tablier-1-avec-poches-Coeur-de-V\u00e9z\u00e8re-Treignac.jpg\" class=\"attachment-full size-full\" alt=\"\" srcset=\"https:\/\/vezere.org\/wp-content\/uploads\/2025\/05\/patron-tablier-1-avec-poches-Coeur-de-V\u00e9z\u00e8re-Treignac.jpg 714w, https:\/\/vezere.org\/wp-content\/uploads\/2025\/05\/patron-tablier-1-avec-poches-Coeur-de-V\u00e9z\u00e8re-Treignac-150x150.jpg 150w, https:\/\/vezere.org\/wp-content\/uploads\/2025\/05\/patron-tablier-1-avec-poches-Coeur-de-V\u00e9z\u00e8re-Treignac-300x300.jpg 300w, https:\/\/vezere.org\/wp-content\/uploads\/2025\/05\/patron-tablier-1-avec-poches-Coeur-de-V\u00e9z\u00e8re-Treignac-75x75.jpg 75w\" sizes=\"auto, (max-width: 714px) 100vw, 714px\" \/><\/a>\n\t\t\t<\/div><\/figure><figure class='gallery-item'>\n\t\t\t<div class='gallery-icon landscape'>\n\t\t\t\t<a href='https:\/\/vezere.org\/wp-content\/uploads\/2025\/05\/patron-tablier-1-avec-poches-coquelicots-blanc-et-rouge-.jpg'><img loading=\"lazy\" decoding=\"async\" width=\"714\" height=\"714\" src=\"https:\/\/vezere.org\/wp-content\/uploads\/2025\/05\/patron-tablier-1-avec-poches-coquelicots-blanc-et-rouge-.jpg\" class=\"attachment-full size-full\" alt=\"\" srcset=\"https:\/\/vezere.org\/wp-content\/uploads\/2025\/05\/patron-tablier-1-avec-poches-coquelicots-blanc-et-rouge-.jpg 714w, https:\/\/vezere.org\/wp-content\/uploads\/2025\/05\/patron-tablier-1-avec-poches-coquelicots-blanc-et-rouge--150x150.jpg 150w, https:\/\/vezere.org\/wp-content\/uploads\/2025\/05\/patron-tablier-1-avec-poches-coquelicots-blanc-et-rouge--300x300.jpg 300w, https:\/\/vezere.org\/wp-content\/uploads\/2025\/05\/patron-tablier-1-avec-poches-coquelicots-blanc-et-rouge--75x75.jpg 75w\" sizes=\"auto, (max-width: 714px) 100vw, 714px\" \/><\/a>\n\t\t\t<\/div><\/figure><figure class='gallery-item'>\n\t\t\t<div class='gallery-icon landscape'>\n\t\t\t\t<a href='https:\/\/vezere.org\/wp-content\/uploads\/2025\/05\/patron-tablier-1-avec-poches-coquelicots-Coly-.jpg'><img loading=\"lazy\" decoding=\"async\" width=\"714\" height=\"714\" src=\"https:\/\/vezere.org\/wp-content\/uploads\/2025\/05\/patron-tablier-1-avec-poches-coquelicots-Coly-.jpg\" class=\"attachment-full size-full\" alt=\"\" srcset=\"https:\/\/vezere.org\/wp-content\/uploads\/2025\/05\/patron-tablier-1-avec-poches-coquelicots-Coly-.jpg 714w, https:\/\/vezere.org\/wp-content\/uploads\/2025\/05\/patron-tablier-1-avec-poches-coquelicots-Coly--150x150.jpg 150w, https:\/\/vezere.org\/wp-content\/uploads\/2025\/05\/patron-tablier-1-avec-poches-coquelicots-Coly--300x300.jpg 300w, https:\/\/vezere.org\/wp-content\/uploads\/2025\/05\/patron-tablier-1-avec-poches-coquelicots-Coly--75x75.jpg 75w\" sizes=\"auto, (max-width: 714px) 100vw, 714px\" \/><\/a>\n\t\t\t<\/div><\/figure><figure class='gallery-item'>\n\t\t\t<div class='gallery-icon landscape'>\n\t\t\t\t<a href='https:\/\/vezere.org\/wp-content\/uploads\/2025\/05\/patron-tablier-1-avec-poches-coquelicots-ephemeres-Aubas.jpg'><img loading=\"lazy\" decoding=\"async\" width=\"714\" height=\"714\" src=\"https:\/\/vezere.org\/wp-content\/uploads\/2025\/05\/patron-tablier-1-avec-poches-coquelicots-ephemeres-Aubas.jpg\" class=\"attachment-full size-full\" alt=\"\" srcset=\"https:\/\/vezere.org\/wp-content\/uploads\/2025\/05\/patron-tablier-1-avec-poches-coquelicots-ephemeres-Aubas.jpg 714w, https:\/\/vezere.org\/wp-content\/uploads\/2025\/05\/patron-tablier-1-avec-poches-coquelicots-ephemeres-Aubas-150x150.jpg 150w, https:\/\/vezere.org\/wp-content\/uploads\/2025\/05\/patron-tablier-1-avec-poches-coquelicots-ephemeres-Aubas-300x300.jpg 300w, https:\/\/vezere.org\/wp-content\/uploads\/2025\/05\/patron-tablier-1-avec-poches-coquelicots-ephemeres-Aubas-75x75.jpg 75w\" sizes=\"auto, (max-width: 714px) 100vw, 714px\" \/><\/a>\n\t\t\t<\/div><\/figure><figure class='gallery-item'>\n\t\t\t<div class='gallery-icon landscape'>\n\t\t\t\t<a href='https:\/\/vezere.org\/wp-content\/uploads\/2025\/05\/patron-tablier-1-avec-poches-etre-sous-un-charme.jpg'><img loading=\"lazy\" decoding=\"async\" width=\"714\" height=\"714\" src=\"https:\/\/vezere.org\/wp-content\/uploads\/2025\/05\/patron-tablier-1-avec-poches-etre-sous-un-charme.jpg\" class=\"attachment-full size-full\" alt=\"\" srcset=\"https:\/\/vezere.org\/wp-content\/uploads\/2025\/05\/patron-tablier-1-avec-poches-etre-sous-un-charme.jpg 714w, https:\/\/vezere.org\/wp-content\/uploads\/2025\/05\/patron-tablier-1-avec-poches-etre-sous-un-charme-150x150.jpg 150w, https:\/\/vezere.org\/wp-content\/uploads\/2025\/05\/patron-tablier-1-avec-poches-etre-sous-un-charme-300x300.jpg 300w, https:\/\/vezere.org\/wp-content\/uploads\/2025\/05\/patron-tablier-1-avec-poches-etre-sous-un-charme-75x75.jpg 75w\" sizes=\"auto, (max-width: 714px) 100vw, 714px\" \/><\/a>\n\t\t\t<\/div><\/figure><figure class='gallery-item'>\n\t\t\t<div class='gallery-icon landscape'>\n\t\t\t\t<a href='https:\/\/vezere.org\/wp-content\/uploads\/2025\/05\/patron-tablier-1-avec-poches-Myosotis-collembole.jpg'><img loading=\"lazy\" decoding=\"async\" width=\"714\" height=\"714\" src=\"https:\/\/vezere.org\/wp-content\/uploads\/2025\/05\/patron-tablier-1-avec-poches-Myosotis-collembole.jpg\" class=\"attachment-full size-full\" alt=\"\" srcset=\"https:\/\/vezere.org\/wp-content\/uploads\/2025\/05\/patron-tablier-1-avec-poches-Myosotis-collembole.jpg 714w, https:\/\/vezere.org\/wp-content\/uploads\/2025\/05\/patron-tablier-1-avec-poches-Myosotis-collembole-150x150.jpg 150w, https:\/\/vezere.org\/wp-content\/uploads\/2025\/05\/patron-tablier-1-avec-poches-Myosotis-collembole-300x300.jpg 300w, https:\/\/vezere.org\/wp-content\/uploads\/2025\/05\/patron-tablier-1-avec-poches-Myosotis-collembole-75x75.jpg 75w\" sizes=\"auto, (max-width: 714px) 100vw, 714px\" \/><\/a>\n\t\t\t<\/div><\/figure><figure class='gallery-item'>\n\t\t\t<div class='gallery-icon landscape'>\n\t\t\t\t<a href='https:\/\/vezere.org\/wp-content\/uploads\/2025\/05\/patron-tablier-1-avec-poches-nenuphars-bouyssour-.jpg'><img loading=\"lazy\" decoding=\"async\" width=\"714\" height=\"714\" src=\"https:\/\/vezere.org\/wp-content\/uploads\/2025\/05\/patron-tablier-1-avec-poches-nenuphars-bouyssour-.jpg\" class=\"attachment-full size-full\" alt=\"\" srcset=\"https:\/\/vezere.org\/wp-content\/uploads\/2025\/05\/patron-tablier-1-avec-poches-nenuphars-bouyssour-.jpg 714w, https:\/\/vezere.org\/wp-content\/uploads\/2025\/05\/patron-tablier-1-avec-poches-nenuphars-bouyssour--150x150.jpg 150w, https:\/\/vezere.org\/wp-content\/uploads\/2025\/05\/patron-tablier-1-avec-poches-nenuphars-bouyssour--300x300.jpg 300w, https:\/\/vezere.org\/wp-content\/uploads\/2025\/05\/patron-tablier-1-avec-poches-nenuphars-bouyssour--75x75.jpg 75w\" sizes=\"auto, (max-width: 714px) 100vw, 714px\" \/><\/a>\n\t\t\t<\/div><\/figure><figure class='gallery-item'>\n\t\t\t<div class='gallery-icon landscape'>\n\t\t\t\t<a href='https:\/\/vezere.org\/wp-content\/uploads\/2025\/05\/patron-tablier-1-avec-poches-phare-Chassiron-Ile-Ol\u00e9ron.jpg'><img loading=\"lazy\" decoding=\"async\" width=\"714\" height=\"714\" src=\"https:\/\/vezere.org\/wp-content\/uploads\/2025\/05\/patron-tablier-1-avec-poches-phare-Chassiron-Ile-Ol\u00e9ron.jpg\" class=\"attachment-full size-full\" alt=\"\" srcset=\"https:\/\/vezere.org\/wp-content\/uploads\/2025\/05\/patron-tablier-1-avec-poches-phare-Chassiron-Ile-Ol\u00e9ron.jpg 714w, https:\/\/vezere.org\/wp-content\/uploads\/2025\/05\/patron-tablier-1-avec-poches-phare-Chassiron-Ile-Ol\u00e9ron-150x150.jpg 150w, https:\/\/vezere.org\/wp-content\/uploads\/2025\/05\/patron-tablier-1-avec-poches-phare-Chassiron-Ile-Ol\u00e9ron-300x300.jpg 300w, https:\/\/vezere.org\/wp-content\/uploads\/2025\/05\/patron-tablier-1-avec-poches-phare-Chassiron-Ile-Ol\u00e9ron-75x75.jpg 75w\" sizes=\"auto, (max-width: 714px) 100vw, 714px\" \/><\/a>\n\t\t\t<\/div><\/figure><figure class='gallery-item'>\n\t\t\t<div class='gallery-icon landscape'>\n\t\t\t\t<a href='https:\/\/vezere.org\/wp-content\/uploads\/2025\/05\/patron-tablier-1-avec-poches-Pin-de-Bristlecone.jpg'><img loading=\"lazy\" decoding=\"async\" width=\"714\" height=\"714\" src=\"https:\/\/vezere.org\/wp-content\/uploads\/2025\/05\/patron-tablier-1-avec-poches-Pin-de-Bristlecone.jpg\" class=\"attachment-full size-full\" alt=\"\" srcset=\"https:\/\/vezere.org\/wp-content\/uploads\/2025\/05\/patron-tablier-1-avec-poches-Pin-de-Bristlecone.jpg 714w, https:\/\/vezere.org\/wp-content\/uploads\/2025\/05\/patron-tablier-1-avec-poches-Pin-de-Bristlecone-150x150.jpg 150w, https:\/\/vezere.org\/wp-content\/uploads\/2025\/05\/patron-tablier-1-avec-poches-Pin-de-Bristlecone-300x300.jpg 300w, https:\/\/vezere.org\/wp-content\/uploads\/2025\/05\/patron-tablier-1-avec-poches-Pin-de-Bristlecone-75x75.jpg 75w\" sizes=\"auto, (max-width: 714px) 100vw, 714px\" \/><\/a>\n\t\t\t<\/div><\/figure><figure class='gallery-item'>\n\t\t\t<div class='gallery-icon landscape'>\n\t\t\t\t<a href='https:\/\/vezere.org\/wp-content\/uploads\/2025\/05\/patron-tablier-1-avec-poches-Saint-Nicolas-Epinal-.jpg'><img loading=\"lazy\" decoding=\"async\" width=\"714\" height=\"714\" src=\"https:\/\/vezere.org\/wp-content\/uploads\/2025\/05\/patron-tablier-1-avec-poches-Saint-Nicolas-Epinal-.jpg\" class=\"attachment-full size-full\" alt=\"\" srcset=\"https:\/\/vezere.org\/wp-content\/uploads\/2025\/05\/patron-tablier-1-avec-poches-Saint-Nicolas-Epinal-.jpg 714w, https:\/\/vezere.org\/wp-content\/uploads\/2025\/05\/patron-tablier-1-avec-poches-Saint-Nicolas-Epinal--150x150.jpg 150w, https:\/\/vezere.org\/wp-content\/uploads\/2025\/05\/patron-tablier-1-avec-poches-Saint-Nicolas-Epinal--300x300.jpg 300w, https:\/\/vezere.org\/wp-content\/uploads\/2025\/05\/patron-tablier-1-avec-poches-Saint-Nicolas-Epinal--75x75.jpg 75w\" sizes=\"auto, (max-width: 714px) 100vw, 714px\" \/><\/a>\n\t\t\t<\/div><\/figure><figure class='gallery-item'>\n\t\t\t<div class='gallery-icon landscape'>\n\t\t\t\t<a href='https:\/\/vezere.org\/wp-content\/uploads\/2025\/05\/patron-tablier-1-avec-poches-tilleul-Millevaches-DG-Copie.jpg'><img loading=\"lazy\" decoding=\"async\" width=\"714\" height=\"714\" src=\"https:\/\/vezere.org\/wp-content\/uploads\/2025\/05\/patron-tablier-1-avec-poches-tilleul-Millevaches-DG-Copie.jpg\" class=\"attachment-full size-full\" alt=\"\" srcset=\"https:\/\/vezere.org\/wp-content\/uploads\/2025\/05\/patron-tablier-1-avec-poches-tilleul-Millevaches-DG-Copie.jpg 714w, https:\/\/vezere.org\/wp-content\/uploads\/2025\/05\/patron-tablier-1-avec-poches-tilleul-Millevaches-DG-Copie-150x150.jpg 150w, https:\/\/vezere.org\/wp-content\/uploads\/2025\/05\/patron-tablier-1-avec-poches-tilleul-Millevaches-DG-Copie-300x300.jpg 300w, https:\/\/vezere.org\/wp-content\/uploads\/2025\/05\/patron-tablier-1-avec-poches-tilleul-Millevaches-DG-Copie-75x75.jpg 75w\" sizes=\"auto, (max-width: 714px) 100vw, 714px\" \/><\/a>\n\t\t\t<\/div><\/figure><figure class='gallery-item'>\n\t\t\t<div class='gallery-icon landscape'>\n\t\t\t\t<a href='https:\/\/vezere.org\/wp-content\/uploads\/2025\/05\/patron-tablier-1-avec-poches-tilleul-Millevaches-neige.jpg'><img loading=\"lazy\" decoding=\"async\" width=\"714\" height=\"714\" src=\"https:\/\/vezere.org\/wp-content\/uploads\/2025\/05\/patron-tablier-1-avec-poches-tilleul-Millevaches-neige.jpg\" class=\"attachment-full size-full\" alt=\"\" srcset=\"https:\/\/vezere.org\/wp-content\/uploads\/2025\/05\/patron-tablier-1-avec-poches-tilleul-Millevaches-neige.jpg 714w, https:\/\/vezere.org\/wp-content\/uploads\/2025\/05\/patron-tablier-1-avec-poches-tilleul-Millevaches-neige-150x150.jpg 150w, https:\/\/vezere.org\/wp-content\/uploads\/2025\/05\/patron-tablier-1-avec-poches-tilleul-Millevaches-neige-300x300.jpg 300w, https:\/\/vezere.org\/wp-content\/uploads\/2025\/05\/patron-tablier-1-avec-poches-tilleul-Millevaches-neige-75x75.jpg 75w\" sizes=\"auto, (max-width: 714px) 100vw, 714px\" \/><\/a>\n\t\t\t<\/div><\/figure><figure class='gallery-item'>\n\t\t\t<div class='gallery-icon landscape'>\n\t\t\t\t<a href='https:\/\/vezere.org\/wp-content\/uploads\/2025\/05\/patron-tablier-1-avec-poches-Tulipier-Condat-sur-Vezere.jpg'><img loading=\"lazy\" decoding=\"async\" width=\"714\" height=\"714\" src=\"https:\/\/vezere.org\/wp-content\/uploads\/2025\/05\/patron-tablier-1-avec-poches-Tulipier-Condat-sur-Vezere.jpg\" class=\"attachment-full size-full\" alt=\"\" srcset=\"https:\/\/vezere.org\/wp-content\/uploads\/2025\/05\/patron-tablier-1-avec-poches-Tulipier-Condat-sur-Vezere.jpg 714w, https:\/\/vezere.org\/wp-content\/uploads\/2025\/05\/patron-tablier-1-avec-poches-Tulipier-Condat-sur-Vezere-150x150.jpg 150w, https:\/\/vezere.org\/wp-content\/uploads\/2025\/05\/patron-tablier-1-avec-poches-Tulipier-Condat-sur-Vezere-300x300.jpg 300w, https:\/\/vezere.org\/wp-content\/uploads\/2025\/05\/patron-tablier-1-avec-poches-Tulipier-Condat-sur-Vezere-75x75.jpg 75w\" sizes=\"auto, (max-width: 714px) 100vw, 714px\" \/><\/a>\n\t\t\t<\/div><\/figure><figure class='gallery-item'>\n\t\t\t<div class='gallery-icon landscape'>\n\t\t\t\t<a href='https:\/\/vezere.org\/wp-content\/uploads\/2025\/05\/patron-tablier-1-avec-poches-chapelle-penvins-morbihan.jpg'><img loading=\"lazy\" decoding=\"async\" width=\"714\" height=\"714\" src=\"https:\/\/vezere.org\/wp-content\/uploads\/2025\/05\/patron-tablier-1-avec-poches-chapelle-penvins-morbihan.jpg\" class=\"attachment-full size-full\" alt=\"\" srcset=\"https:\/\/vezere.org\/wp-content\/uploads\/2025\/05\/patron-tablier-1-avec-poches-chapelle-penvins-morbihan.jpg 714w, https:\/\/vezere.org\/wp-content\/uploads\/2025\/05\/patron-tablier-1-avec-poches-chapelle-penvins-morbihan-150x150.jpg 150w, https:\/\/vezere.org\/wp-content\/uploads\/2025\/05\/patron-tablier-1-avec-poches-chapelle-penvins-morbihan-300x300.jpg 300w, https:\/\/vezere.org\/wp-content\/uploads\/2025\/05\/patron-tablier-1-avec-poches-chapelle-penvins-morbihan-75x75.jpg 75w\" sizes=\"auto, (max-width: 714px) 100vw, 714px\" \/><\/a>\n\t\t\t<\/div><\/figure><figure class='gallery-item'>\n\t\t\t<div class='gallery-icon landscape'>\n\t\t\t\t<a href='https:\/\/vezere.org\/wp-content\/uploads\/2025\/05\/patron-tablier-1-avec-poches-chene-azerat-je-suis-un-arbre.jpg'><img loading=\"lazy\" decoding=\"async\" width=\"714\" height=\"714\" src=\"https:\/\/vezere.org\/wp-content\/uploads\/2025\/05\/patron-tablier-1-avec-poches-chene-azerat-je-suis-un-arbre.jpg\" class=\"attachment-full size-full\" alt=\"\" srcset=\"https:\/\/vezere.org\/wp-content\/uploads\/2025\/05\/patron-tablier-1-avec-poches-chene-azerat-je-suis-un-arbre.jpg 714w, https:\/\/vezere.org\/wp-content\/uploads\/2025\/05\/patron-tablier-1-avec-poches-chene-azerat-je-suis-un-arbre-150x150.jpg 150w, https:\/\/vezere.org\/wp-content\/uploads\/2025\/05\/patron-tablier-1-avec-poches-chene-azerat-je-suis-un-arbre-300x300.jpg 300w, https:\/\/vezere.org\/wp-content\/uploads\/2025\/05\/patron-tablier-1-avec-poches-chene-azerat-je-suis-un-arbre-75x75.jpg 75w\" sizes=\"auto, (max-width: 714px) 100vw, 714px\" \/><\/a>\n\t\t\t<\/div><\/figure><figure class='gallery-item'>\n\t\t\t<div class='gallery-icon landscape'>\n\t\t\t\t<a href='https:\/\/vezere.org\/wp-content\/uploads\/2025\/05\/patron-tablier-1-avec-poches-sequoia-general-grant.jpg'><img loading=\"lazy\" decoding=\"async\" width=\"714\" height=\"714\" src=\"https:\/\/vezere.org\/wp-content\/uploads\/2025\/05\/patron-tablier-1-avec-poches-sequoia-general-grant.jpg\" class=\"attachment-full size-full\" alt=\"\" srcset=\"https:\/\/vezere.org\/wp-content\/uploads\/2025\/05\/patron-tablier-1-avec-poches-sequoia-general-grant.jpg 714w, https:\/\/vezere.org\/wp-content\/uploads\/2025\/05\/patron-tablier-1-avec-poches-sequoia-general-grant-150x150.jpg 150w, https:\/\/vezere.org\/wp-content\/uploads\/2025\/05\/patron-tablier-1-avec-poches-sequoia-general-grant-300x300.jpg 300w, https:\/\/vezere.org\/wp-content\/uploads\/2025\/05\/patron-tablier-1-avec-poches-sequoia-general-grant-75x75.jpg 75w\" sizes=\"auto, (max-width: 714px) 100vw, 714px\" \/><\/a>\n\t\t\t<\/div><\/figure><figure class='gallery-item'>\n\t\t\t<div class='gallery-icon landscape'>\n\t\t\t\t<a href='https:\/\/vezere.org\/wp-content\/uploads\/2025\/05\/patron-tablier-1-avec-poches-truffe-une-histoire-de-chien.jpg'><img loading=\"lazy\" decoding=\"async\" width=\"714\" height=\"714\" src=\"https:\/\/vezere.org\/wp-content\/uploads\/2025\/05\/patron-tablier-1-avec-poches-truffe-une-histoire-de-chien.jpg\" class=\"attachment-full size-full\" alt=\"\" srcset=\"https:\/\/vezere.org\/wp-content\/uploads\/2025\/05\/patron-tablier-1-avec-poches-truffe-une-histoire-de-chien.jpg 714w, https:\/\/vezere.org\/wp-content\/uploads\/2025\/05\/patron-tablier-1-avec-poches-truffe-une-histoire-de-chien-150x150.jpg 150w, https:\/\/vezere.org\/wp-content\/uploads\/2025\/05\/patron-tablier-1-avec-poches-truffe-une-histoire-de-chien-300x300.jpg 300w, https:\/\/vezere.org\/wp-content\/uploads\/2025\/05\/patron-tablier-1-avec-poches-truffe-une-histoire-de-chien-75x75.jpg 75w\" sizes=\"auto, (max-width: 714px) 100vw, 714px\" \/><\/a>\n\t\t\t<\/div><\/figure>\n\t\t<\/div>\n\n<p>&nbsp;<\/p>\n<p><a href=\"http:\/\/vezere.org\/wp-content\/uploads\/2025\/05\/affiche-tablier-Jerome-Hutin.jpg\"><img loading=\"lazy\" decoding=\"async\" class=\"aligncenter size-large wp-image-14435\" src=\"http:\/\/vezere.org\/wp-content\/uploads\/2025\/05\/affiche-tablier-Jerome-Hutin-724x1024.jpg\" alt=\"\" width=\"724\" height=\"1024\" srcset=\"https:\/\/vezere.org\/wp-content\/uploads\/2025\/05\/affiche-tablier-Jerome-Hutin-724x1024.jpg 724w, https:\/\/vezere.org\/wp-content\/uploads\/2025\/05\/affiche-tablier-Jerome-Hutin-212x300.jpg 212w, https:\/\/vezere.org\/wp-content\/uploads\/2025\/05\/affiche-tablier-Jerome-Hutin-768x1086.jpg 768w, https:\/\/vezere.org\/wp-content\/uploads\/2025\/05\/affiche-tablier-Jerome-Hutin-1140x1612.jpg 1140w\" sizes=\"auto, (max-width: 724px) 100vw, 724px\" \/><\/a> <a href=\"http:\/\/arborethic.com\/arbor\" target=\"_blank\" rel=\"noopener\"><img loading=\"lazy\" decoding=\"async\" class=\"aligncenter size-large wp-image-14433\" src=\"http:\/\/vezere.org\/wp-content\/uploads\/2025\/05\/Jerome-Hutin-avec-le-tablier-chene-or-pub-arrivage-A4.jpg\" alt=\"\" width=\"418\" height=\"640\" srcset=\"https:\/\/vezere.org\/wp-content\/uploads\/2025\/05\/Jerome-Hutin-avec-le-tablier-chene-or-pub-arrivage-A4.jpg 418w, https:\/\/vezere.org\/wp-content\/uploads\/2025\/05\/Jerome-Hutin-avec-le-tablier-chene-or-pub-arrivage-A4-196x300.jpg 196w\" sizes=\"auto, (max-width: 418px) 100vw, 418px\" \/><\/a><\/p>\n","protected":false},"excerpt":{"rendered":"<p>\u00ab Histoire de racines, des Vosges au P\u00e9rigord\u00bb Une cr\u00e9ation unique de J\u00e9r\u00f4me Hutin Des tabliers con\u00e7us en P\u00e9rigord imprim\u00e9s dans les Vosges \u201cDe la nature \u00e0 l\u2019assiette, l\u2019histoire se tisse \u00e0 table.\u201d Ce ne sont pas que des tabliers. Ce sont des \u0153uvres d\u2019art \u00e0 porter. Ce n\u2019est pas juste pour cuisiner, c\u2019est pour faire entrer la nature dans votre maison. C\u2019est un bout de for\u00eat, de racines, d\u2019arbre centenaire, imprim\u00e9s sur du coton vosgien, cousu avec amour. Ces tabliers sont le fruit de 40 ans de voyages \u00e0 photographier les arbres les plus majestueux de la plan\u00e8te et Dame nature. C\u2019est aussi mes racines, entre les Vosges o\u00f9 je suis n\u00e9, et le P\u00e9rigord o\u00f9 je vis. Ces tabliers voient le jour et leurs lumi\u00e8res gr\u00e2ce au soutien de Sylvain Broux, PDG de Delmon Group. Les impressions seront r\u00e9alis\u00e9es par Up&rsquo;Textile \u00e0 G\u00e9rardmer, dans les Vosges. Ce n\u2019est pas qu\u2019un tablier,\u00a0c\u2019est une histoire que vous porterez sur vous. (R\u00e9dig\u00e9 par mon nouvel ami(e) ChatGPT que je nomme \u00abUniversel\u00bb ! EN PRECOMMANDE sur\u00a0 http:\/\/arborethic.com\/arbor &nbsp; Vous pouvez me les commander au March\u00e9 de Terrasson le jeudi matin, o\u00f9 dans des spectacles, festivals, concerts et au 4 rue de la libert\u00e9 \u00e0 Terrasson. Voici les mod\u00e8les que vous pourrez acqu\u00e9rir&#8230; &nbsp;<\/p>\n","protected":false},"author":1,"featured_media":0,"parent":10432,"menu_order":0,"comment_status":"closed","ping_status":"closed","template":"","meta":{"footnotes":""},"class_list":["post-14406","page","type-page","status-publish","hentry"],"_links":{"self":[{"href":"https:\/\/vezere.org\/index.php\/wp-json\/wp\/v2\/pages\/14406","targetHints":{"allow":["GET"]}}],"collection":[{"href":"https:\/\/vezere.org\/index.php\/wp-json\/wp\/v2\/pages"}],"about":[{"href":"https:\/\/vezere.org\/index.php\/wp-json\/wp\/v2\/types\/page"}],"author":[{"embeddable":true,"href":"https:\/\/vezere.org\/index.php\/wp-json\/wp\/v2\/users\/1"}],"replies":[{"embeddable":true,"href":"https:\/\/vezere.org\/index.php\/wp-json\/wp\/v2\/comments?post=14406"}],"version-history":[{"count":5,"href":"https:\/\/vezere.org\/index.php\/wp-json\/wp\/v2\/pages\/14406\/revisions"}],"predecessor-version":[{"id":14436,"href":"https:\/\/vezere.org\/index.php\/wp-json\/wp\/v2\/pages\/14406\/revisions\/14436"}],"up":[{"embeddable":true,"href":"https:\/\/vezere.org\/index.php\/wp-json\/wp\/v2\/pages\/10432"}],"wp:attachment":[{"href":"https:\/\/vezere.org\/index.php\/wp-json\/wp\/v2\/media?parent=14406"}],"curies":[{"name":"wp","href":"https:\/\/api.w.org\/{rel}","templated":true}]}}